{"id":1671,"date":"2025-08-13T14:15:33","date_gmt":"2025-08-13T12:15:33","guid":{"rendered":"https:\/\/iberalc.com\/durabilite\/"},"modified":"2026-02-09T15:45:30","modified_gmt":"2026-02-09T13:45:30","slug":"durabilite","status":"publish","type":"page","link":"https:\/\/iberalc.com\/fr\/durabilite\/","title":{"rendered":"Durabilit\u00e9"},"content":{"rendered":"\n\n\t<p>Chaque pi\u00e8ce que nous fabriquons refl\u00e8te notre engagement pour un avenir plus durable<\/p>\n<h2>\n\t\t\tDurabilit\u00e9\t<\/h2>\n\t<p>Chez Iberalc, nous croyons en une industrie qui progresse sans laisser de trace.<br \/>Nous travaillons avec de l&rsquo;aluminium recycl\u00e9, notre propre \u00e9nergie solaire et des proc\u00e9d\u00e9s propres respectueux de l&rsquo;environnement.<br \/>Parce que pr\u00e9server demain fait aussi partie de notre m\u00e9tier.<\/p>\n<h3>\n\t\t\tAluminium\t<\/h3>\n\t<p>Mat\u00e9riau 100 % recyclable<\/p>\n\t<p>Chez Iberalc, nous travaillons un mat\u00e9riau qui associe performances techniques avanc\u00e9es et engagement environnemental r\u00e9el : l&rsquo;aluminium. L\u00e9ger, r\u00e9sistant \u00e0 la corrosion et hautement conducteur, l&rsquo;aluminium est aussi recyclable \u00e0 l&rsquo;infini, ce qui en fait une mati\u00e8re premi\u00e8re strat\u00e9gique pour les secteurs les plus exigeants. <\/p>\n<p>Cette capacit\u00e9 \u00e0 rester en circulation sans se d\u00e9grader r\u00e9duit l&rsquo;impact environnemental et renforce la viabilit\u00e9 technique et \u00e9conomique des solutions \u00e0 long terme. Chez Iberalc, cette philosophie se traduit par des proc\u00e9d\u00e9s de transformation et de finition &#8211; comme l&rsquo;anodisation technique et d\u00e9corative &#8211; visant \u00e0 maximiser les performances et la durabilit\u00e9 de chaque projet. <\/p>\n<p>Les chiffres sont clairs : 92 % de l&rsquo;aluminium actuellement utilis\u00e9 dans les proc\u00e9d\u00e9s industriels provient de mati\u00e8re recycl\u00e9e, ce qui implique une consommation d&rsquo;\u00e9nergie jusqu&rsquo;\u00e0 95 % inf\u00e9rieure \u00e0 celle de la production primaire. Par ailleurs, 70 % de l&rsquo;aluminium fabriqu\u00e9 depuis le XIXe si\u00e8cle est encore en usage aujourd&rsquo;hui, gr\u00e2ce au maintien de ses propri\u00e9t\u00e9s m\u00e9caniques apr\u00e8s de multiples cycles de recyclage.<\/p>\n<p>L&rsquo;aluminium est recyclable \u00e0 l&rsquo;infini, ce qui en fait une mati\u00e8re premi\u00e8re strat\u00e9gique pour les secteurs les plus exigeants. <\/p>\n\t\t\t\t\t\t<figure>\n\t\t\t\t\t\t\t<img loading=\"lazy\" decoding=\"async\" src=\"https:\/\/iberalc.com\/wp-content\/uploads\/2025\/11\/IBERALC-aluminio-_9121343_11zon.jpg\" alt=\"\" srcset=\"https:\/\/iberalc.com\/wp-content\/uploads\/2025\/11\/IBERALC-aluminio-_9121343_11zon.jpg 1663w, https:\/\/iberalc.com\/wp-content\/uploads\/2025\/11\/IBERALC-aluminio-_9121343_11zon-300x225.jpg 300w, https:\/\/iberalc.com\/wp-content\/uploads\/2025\/11\/IBERALC-aluminio-_9121343_11zon-1024x768.jpg 1024w, https:\/\/iberalc.com\/wp-content\/uploads\/2025\/11\/IBERALC-aluminio-_9121343_11zon-768x576.jpg 768w, https:\/\/iberalc.com\/wp-content\/uploads\/2025\/11\/IBERALC-aluminio-_9121343_11zon-1536x1152.jpg 1536w\" width=\"1663\" height=\"1247\" \/>\n\t\t\t\t\t\t\t\t\t\t\t\t\t<\/figure>\n\t\t\t\t\t\t<figure>\n\t\t\t\t\t\t\t<img loading=\"lazy\" decoding=\"async\" src=\"https:\/\/iberalc.com\/wp-content\/uploads\/2025\/11\/IBERALC-aluminio-P3106510-1_11zon-scaled.jpg\" alt=\"El aluminio es infinitamente reciclable, lo que lo convierte en una materia prima estrat\u00e9gica para los sectores m\u00e1s exigentes.\" srcset=\"https:\/\/iberalc.com\/wp-content\/uploads\/2025\/11\/IBERALC-aluminio-P3106510-1_11zon-scaled.jpg 2560w, https:\/\/iberalc.com\/wp-content\/uploads\/2025\/11\/IBERALC-aluminio-P3106510-1_11zon-300x225.jpg 300w, https:\/\/iberalc.com\/wp-content\/uploads\/2025\/11\/IBERALC-aluminio-P3106510-1_11zon-1024x768.jpg 1024w, https:\/\/iberalc.com\/wp-content\/uploads\/2025\/11\/IBERALC-aluminio-P3106510-1_11zon-768x576.jpg 768w, https:\/\/iberalc.com\/wp-content\/uploads\/2025\/11\/IBERALC-aluminio-P3106510-1_11zon-1536x1152.jpg 1536w, https:\/\/iberalc.com\/wp-content\/uploads\/2025\/11\/IBERALC-aluminio-P3106510-1_11zon-2048x1536.jpg 2048w\" width=\"2560\" height=\"1920\" \/>\n\t\t\t\t\t\t\t\t\t\t\t\t\t<\/figure>\n\t\t\t\t\t\t<figure>\n\t\t\t\t\t\t\t<img loading=\"lazy\" decoding=\"async\" src=\"https:\/\/iberalc.com\/wp-content\/uploads\/2025\/11\/IBERALC-aluminio-P8276935_11zon-scaled.jpg\" alt=\"El aluminio es infinitamente reciclable, lo que lo convierte en una materia prima estrat\u00e9gica para los sectores m\u00e1s exigentes.\" srcset=\"https:\/\/iberalc.com\/wp-content\/uploads\/2025\/11\/IBERALC-aluminio-P8276935_11zon-scaled.jpg 2560w, https:\/\/iberalc.com\/wp-content\/uploads\/2025\/11\/IBERALC-aluminio-P8276935_11zon-300x225.jpg 300w, https:\/\/iberalc.com\/wp-content\/uploads\/2025\/11\/IBERALC-aluminio-P8276935_11zon-1024x768.jpg 1024w, https:\/\/iberalc.com\/wp-content\/uploads\/2025\/11\/IBERALC-aluminio-P8276935_11zon-768x576.jpg 768w, https:\/\/iberalc.com\/wp-content\/uploads\/2025\/11\/IBERALC-aluminio-P8276935_11zon-1536x1152.jpg 1536w, https:\/\/iberalc.com\/wp-content\/uploads\/2025\/11\/IBERALC-aluminio-P8276935_11zon-2048x1536.jpg 2048w\" width=\"2560\" height=\"1920\" \/>\n\t\t\t\t\t\t\t\t\t\t\t\t\t<\/figure>\n<h3>\n\t\t\tProcessus de production\t<\/h3>\n\t<p>Engag\u00e9s pour l&rsquo;environnement : une production responsable sans impact environnemental<\/p>\n\t\t\t\t\t\t<figure>\n\t\t\t\t\t\t\t<img loading=\"lazy\" decoding=\"async\" src=\"https:\/\/iberalc.com\/wp-content\/uploads\/2025\/11\/proceso_productivo_11zon-scaled.jpg\" alt=\"Todos los procesos productivos tienen como punto en com\u00fan la misma pol\u00edtica de sostenibilidad.\" srcset=\"https:\/\/iberalc.com\/wp-content\/uploads\/2025\/11\/proceso_productivo_11zon-scaled.jpg 2560w, https:\/\/iberalc.com\/wp-content\/uploads\/2025\/11\/proceso_productivo_11zon-300x200.jpg 300w, https:\/\/iberalc.com\/wp-content\/uploads\/2025\/11\/proceso_productivo_11zon-1024x684.jpg 1024w, https:\/\/iberalc.com\/wp-content\/uploads\/2025\/11\/proceso_productivo_11zon-768x513.jpg 768w, https:\/\/iberalc.com\/wp-content\/uploads\/2025\/11\/proceso_productivo_11zon-1536x1025.jpg 1536w, https:\/\/iberalc.com\/wp-content\/uploads\/2025\/11\/proceso_productivo_11zon-2048x1367.jpg 2048w\" width=\"2560\" height=\"1709\" \/>\n\t\t\t\t\t\t\t\t\t\t\t\t\t<\/figure>\n\t\t\t\t\t\t<figure>\n\t\t\t\t\t\t\t<img loading=\"lazy\" decoding=\"async\" src=\"https:\/\/iberalc.com\/wp-content\/uploads\/2025\/11\/Iberalc391_11zon-scaled.jpg\" alt=\"Todos los procesos productivos tienen como punto en com\u00fan la misma pol\u00edtica de sostenibilidad.\" srcset=\"https:\/\/iberalc.com\/wp-content\/uploads\/2025\/11\/Iberalc391_11zon-scaled.jpg 2560w, https:\/\/iberalc.com\/wp-content\/uploads\/2025\/11\/Iberalc391_11zon-300x200.jpg 300w, https:\/\/iberalc.com\/wp-content\/uploads\/2025\/11\/Iberalc391_11zon-1024x684.jpg 1024w, https:\/\/iberalc.com\/wp-content\/uploads\/2025\/11\/Iberalc391_11zon-768x513.jpg 768w, https:\/\/iberalc.com\/wp-content\/uploads\/2025\/11\/Iberalc391_11zon-1536x1025.jpg 1536w, https:\/\/iberalc.com\/wp-content\/uploads\/2025\/11\/Iberalc391_11zon-2048x1367.jpg 2048w\" width=\"2560\" height=\"1709\" \/>\n\t\t\t\t\t\t\t\t\t\t\t\t\t<\/figure>\n\t\t\t\t\t<!-- navigation arrows -->\n\t\t<button aria-label=\"Previous slide\" role=\"button\" tabindex=\"0\">\n\t\t\t\t\t<\/button>\n\t\t<button aria-label=\"Next slide\" role=\"button\" tabindex=\"0\">\n\t\t\t\t\t<\/button>\n\t<p>Sur notre ligne de production, nous \u00e9vitons l&rsquo;utilisation de substances polluantes telles que le chrome hexavalent, traditionnellement employ\u00e9 dans les finitions m\u00e9talliques. Nous privil\u00e9gions des technologies propres et des proc\u00e9d\u00e9s avanc\u00e9s comme l&rsquo;anodisation \u00e9lectrolytique, combin\u00e9e \u00e0 un polissage m\u00e9canique et chimique de haute pr\u00e9cision, permettant d&rsquo;obtenir la finition brillante et homog\u00e8ne qui distingue nos produits. <\/p>\n<p>Cette exigence de qualit\u00e9, sans compromis sur l&rsquo;impact environnemental, r\u00e9pond aux attentes actuelles de secteurs comme l&rsquo;architecture, l&rsquo;industrie ou le design, qui demandent des solutions durables, responsables et techniquement irr\u00e9prochables.<\/p>\n<p>Excellence technique et durabilit\u00e9 certifi\u00e9e. Voil\u00e0 notre vision de l&rsquo;aluminium. <\/p>\n<h3>\n\t\t\tD\u00e9chets\t<\/h3>\n\t<p>\u00c9conomie circulaire: transformer nos d\u00e9chets en nouvelles ressources<\/p>\n\t<p>Chez Iberalc, nous croyons fermement \u00e0 l&rsquo;\u00e9conomie circulaire comme moteur d&rsquo;innovation et de durabilit\u00e9. C&rsquo;est pourquoi nous appliquons une politique active de valorisation des d\u00e9chets, dans laquelle chaque sous-produit de notre processus acquiert une seconde vie dans d&rsquo;autres industries. <\/p>\n<p>Gr\u00e2ce \u00e0 une gestion efficace et ma\u00eetris\u00e9e, de nombreux d\u00e9chets g\u00e9n\u00e9r\u00e9s &#8211; tels que les boues issues de l&rsquo;anodisation ou les r\u00e9sidus de polissage &#8211; deviennent des mati\u00e8res premi\u00e8res secondaires adapt\u00e9es \u00e0 la fabrication d&rsquo;engrais agricoles, de mat\u00e9riaux de construction (ciment, briques, blocs techniques) et \u00e0 d&rsquo;autres usages industriels.<\/p>\n<p>Cette approche r\u00e9duit les besoins de mise en d\u00e9charge, limite l&rsquo;extraction de ressources naturelles et contribue directement \u00e0 un mod\u00e8le productif plus durable et collaboratif, o\u00f9 diff\u00e9rents secteurs se renforcent mutuellement.<\/p>\n<p>Chez Iberalc, nous ne transformons pas seulement l&rsquo;aluminium : nous transformons aussi les d\u00e9chets en valeur.<\/p>\n<h3>\n\t\t\tAutoconsommation photovolta\u00efque\t<\/h3>\n\t<p>\u00c9nergie solaire propre : efficacit\u00e9 \u00e9nerg\u00e9tique pour une production plus propre<\/p>\n\t<p>Chez Iberalc, nous misons sur l&rsquo;autosuffisance \u00e9nerg\u00e9tique dans le cadre de notre engagement environnemental. Nous avons ainsi r\u00e9alis\u00e9 une installation photovolta\u00efque de 350 kW, qui nous permet de couvrir une grande partie de notre demande \u00e9lectrique quotidienne. <\/p>\n\t<p>Gr\u00e2ce \u00e0 cet investissement, nous r\u00e9duisons nettement notre d\u00e9pendance aux sources d&rsquo;\u00e9nergie conventionnelles, en diminuant les \u00e9missions de CO\u2082 et les co\u00fbts \u00e9nerg\u00e9tiques li\u00e9s \u00e0 la production. Cette infrastructure am\u00e9liore notre efficacit\u00e9 op\u00e9rationnelle et permet de r\u00e9aliser une part importante des op\u00e9rations d&rsquo;anodisation et de transformation de l&rsquo;aluminium avec une \u00e9nergie propre et renouvelable. <\/p>\n\t<p>Ce mod\u00e8le de production responsable et \u00e9nerg\u00e9tiquement efficient renforce notre engagement pour un futur industriel plus durable, en ad\u00e9quation avec les normes environnementales les plus exigeantes et les valeurs de nos clients les plus engag\u00e9s.<\/p>\n<p>Anodisation haute performance, propuls\u00e9e par le soleil.<\/p>\n\n","protected":false},"excerpt":{"rendered":"<p>Chaque pi\u00e8ce que nous fabriquons refl\u00e8te notre engagement pour un avenir plus durable Durabilit\u00e9 Chez Iberalc, nous croyons en une industrie qui progresse sans laisser de trace.Nous travaillons avec de l&rsquo;aluminium recycl\u00e9, notre propre \u00e9nergie solaire et des proc\u00e9d\u00e9s propres respectueux de l&rsquo;environnement.Parce que pr\u00e9server demain fait aussi partie de notre m\u00e9tier. Aluminium Mat\u00e9riau 100&hellip;<\/p>\n","protected":false},"author":1,"featured_media":0,"parent":0,"menu_order":0,"comment_status":"closed","ping_status":"closed","template":"","meta":{"footnotes":""},"class_list":["post-1671","page","type-page","status-publish","hentry"],"_links":{"self":[{"href":"https:\/\/iberalc.com\/fr\/wp-json\/wp\/v2\/pages\/1671","targetHints":{"allow":["GET"]}}],"collection":[{"href":"https:\/\/iberalc.com\/fr\/wp-json\/wp\/v2\/pages"}],"about":[{"href":"https:\/\/iberalc.com\/fr\/wp-json\/wp\/v2\/types\/page"}],"author":[{"embeddable":true,"href":"https:\/\/iberalc.com\/fr\/wp-json\/wp\/v2\/users\/1"}],"replies":[{"embeddable":true,"href":"https:\/\/iberalc.com\/fr\/wp-json\/wp\/v2\/comments?post=1671"}],"version-history":[{"count":1,"href":"https:\/\/iberalc.com\/fr\/wp-json\/wp\/v2\/pages\/1671\/revisions"}],"predecessor-version":[{"id":1776,"href":"https:\/\/iberalc.com\/fr\/wp-json\/wp\/v2\/pages\/1671\/revisions\/1776"}],"wp:attachment":[{"href":"https:\/\/iberalc.com\/fr\/wp-json\/wp\/v2\/media?parent=1671"}],"curies":[{"name":"wp","href":"https:\/\/api.w.org\/{rel}","templated":true}]}}